{"id":22488,"date":"2025-04-27T17:20:30","date_gmt":"2025-04-27T16:20:30","guid":{"rendered":"https:\/\/www.francois-roue.fr\/?page_id=22488"},"modified":"2025-04-27T17:26:18","modified_gmt":"2025-04-27T16:26:18","slug":"a-propos","status":"publish","type":"page","link":"https:\/\/www.francois-roue.fr\/index.php\/a-propos\/","title":{"rendered":"\u00c0 propos"},"content":{"rendered":"\n<figure class=\"wp-block-image size-large\"><img loading=\"lazy\" decoding=\"async\" width=\"1024\" height=\"576\" src=\"https:\/\/www.francois-roue.fr\/wp-content\/uploads\/2025\/04\/photo-1024x576.jpg\" alt=\"\" class=\"wp-image-22481\" srcset=\"https:\/\/www.francois-roue.fr\/wp-content\/uploads\/2025\/04\/photo-1024x576.jpg 1024w, https:\/\/www.francois-roue.fr\/wp-content\/uploads\/2025\/04\/photo-300x169.jpg 300w, https:\/\/www.francois-roue.fr\/wp-content\/uploads\/2025\/04\/photo-150x84.jpg 150w, https:\/\/www.francois-roue.fr\/wp-content\/uploads\/2025\/04\/photo-768x432.jpg 768w, https:\/\/www.francois-roue.fr\/wp-content\/uploads\/2025\/04\/photo-1536x864.jpg 1536w, https:\/\/www.francois-roue.fr\/wp-content\/uploads\/2025\/04\/photo-780x439.jpg 780w, https:\/\/www.francois-roue.fr\/wp-content\/uploads\/2025\/04\/photo-1200x675.jpg 1200w, https:\/\/www.francois-roue.fr\/wp-content\/uploads\/2025\/04\/photo-400x225.jpg 400w, https:\/\/www.francois-roue.fr\/wp-content\/uploads\/2025\/04\/photo.jpg 1600w\" sizes=\"auto, (max-width: 1024px) 100vw, 1024px\" \/><\/figure>\n\n\n\n<p>Mes diff\u00e9rentes collaborations avec les institutions publiques et priv\u00e9es, ateliers et agences de communication m&rsquo;ont permis d&rsquo;exercer pour des domaines d&rsquo;activit\u00e9s \u00e9conomiques vari\u00e9s (tourisme, organisations culturelles, collectivit\u00e9s locales, soci\u00e9t\u00e9 d&rsquo;\u00e9dition, t\u00e9l\u00e9communication, transport&#8230;)<\/p>\n\n\n\n<p>Graphiste depuis 2006, j&rsquo;exerce dans l&rsquo;ensemble des domaines du design graphique tels que l&rsquo;\u00e9dition, la communication digitale, l&rsquo;identit\u00e9 visuelle d&rsquo;institutions, de lieux, de marques et aussi d&rsquo;\u00e9v\u00e9nements.<\/p>\n\n\n\n<p>Cr\u00e9atif, je ne peux pas envisager mon m\u00e9tier de designer hors du champ de la communication. J&rsquo;inscris mon activit\u00e9 au sein de projets de communication qui nourrissent ma d\u00e9marche cr\u00e9ative.  <\/p>\n\n\n\n<p>Parce que la cr\u00e9ation graphique refl\u00e8te son \u00e9poque, j&rsquo;exerce une veille permanente des domaines de la cr\u00e9ation, des m\u00e9dias et des technologies num\u00e9riques. Mon objectif : proposer la solution la plus pertinente et actuelle en mati\u00e8re de design et de strat\u00e9gie de communication.<\/p>\n\n\n\n<p>Je suis dipl\u00f4m\u00e9 des \u00e9coles Estienne et Olivier de serres en design graphique. Je travaille actuellement sur un m\u00e9moire de recherche en communication au Celsa Paris Sorbonne.<\/p>\n","protected":false},"excerpt":{"rendered":"<p>Mes diff\u00e9rentes collaborations avec les institutions publiques et priv\u00e9es, ateliers et agences de communication m&rsquo;ont permis d&rsquo;exercer pour des domaines d&rsquo;activit\u00e9s \u00e9conomiques vari\u00e9s (tourisme, organisations culturelles, collectivit\u00e9s locales, soci\u00e9t\u00e9 d&rsquo;\u00e9dition, t\u00e9l\u00e9communication, transport&#8230;) Graphiste depuis 2006, j&rsquo;exerce dans l&rsquo;ensemble des domaines du design graphique tels que l&rsquo;\u00e9dition, la communication digitale, l&rsquo;identit\u00e9 visuelle d&rsquo;institutions, de lieux, de [&hellip;]<\/p>\n","protected":false},"author":1,"featured_media":0,"parent":0,"menu_order":0,"comment_status":"closed","ping_status":"closed","template":"","meta":{"footnotes":""},"class_list":["post-22488","page","type-page","status-publish","hentry"],"_links":{"self":[{"href":"https:\/\/www.francois-roue.fr\/index.php\/wp-json\/wp\/v2\/pages\/22488","targetHints":{"allow":["GET"]}}],"collection":[{"href":"https:\/\/www.francois-roue.fr\/index.php\/wp-json\/wp\/v2\/pages"}],"about":[{"href":"https:\/\/www.francois-roue.fr\/index.php\/wp-json\/wp\/v2\/types\/page"}],"author":[{"embeddable":true,"href":"https:\/\/www.francois-roue.fr\/index.php\/wp-json\/wp\/v2\/users\/1"}],"replies":[{"embeddable":true,"href":"https:\/\/www.francois-roue.fr\/index.php\/wp-json\/wp\/v2\/comments?post=22488"}],"version-history":[{"count":2,"href":"https:\/\/www.francois-roue.fr\/index.php\/wp-json\/wp\/v2\/pages\/22488\/revisions"}],"predecessor-version":[{"id":22491,"href":"https:\/\/www.francois-roue.fr\/index.php\/wp-json\/wp\/v2\/pages\/22488\/revisions\/22491"}],"wp:attachment":[{"href":"https:\/\/www.francois-roue.fr\/index.php\/wp-json\/wp\/v2\/media?parent=22488"}],"curies":[{"name":"wp","href":"https:\/\/api.w.org\/{rel}","templated":true}]}}